{"id":99,"date":"2015-06-01T11:00:55","date_gmt":"2015-06-01T09:00:55","guid":{"rendered":"http:\/\/www.sv-freiendiez.de\/?page_id=99"},"modified":"2025-05-17T20:48:28","modified_gmt":"2025-05-17T18:48:28","slug":"links","status":"publish","type":"page","link":"https:\/\/www.sv-freiendiez.de\/?page_id=99","title":{"rendered":"Links"},"content":{"rendered":"<p><strong>Befreundete Vereine<\/strong><\/p>\n<table style=\"width: 616.033px;\">\n<tbody>\n<tr>\n<td style=\"width: 238px;\">Sch\u00fctzengilde Gr\u00e4n-Haldensee<\/td>\n<td style=\"width: 361.033px;\"><a href=\"http:\/\/www.sg-graen.at\">http:\/\/www.sg-graen.at<\/a><\/td>\n<\/tr>\n<tr>\n<td style=\"width: 238px;\"><a href=\"http:\/\/www.schuetzenverein-hubertus-hadamar.de\" target=\"_blank\" rel=\"noopener\"><img loading=\"lazy\" decoding=\"async\" class=\"alignleft size-full wp-image-2157\" src=\"http:\/\/www.sv-freiendiez.de\/wp-content\/uploads\/2015\/06\/hadamar_50.png\" alt=\"\" width=\"44\" height=\"50\"><\/a><\/td>\n<td style=\"width: 361.033px;\"><a href=\"http:\/\/www.schuetzenverein-hubertus-hadamar.de\" target=\"_blank\" rel=\"noopener\">Sch\u00fctzenverein Hubertus e.V. Hadamar 1925<\/a><\/td>\n<\/tr>\n<\/tbody>\n<\/table>\n<p>&nbsp;<\/p>\n<p><strong>Verb\u00e4nde \/ Information<\/strong><\/p>\n<table style=\"width: 100%; height: 565px;\">\n<tbody>\n<tr style=\"height: 57px;\">\n<td style=\"width: 116.017px; height: 57px;\"><a href=\"http:\/\/www.dsb.de\/start\/\"><img loading=\"lazy\" decoding=\"async\" class=\"size-full wp-image-1434 alignnone\" src=\"http:\/\/www.sv-freiendiez.de\/wp-content\/uploads\/2015\/06\/dsb50.png\" alt=\"\" width=\"82\" height=\"50\"><\/a><\/td>\n<td style=\"width: 446.983px; height: 57px;\"><a href=\"http:\/\/www.dsb.de\/start\/\">Deutscher Sch\u00fctzenbund e.V.<\/a><\/td>\n<\/tr>\n<tr style=\"height: 57px;\">\n<td style=\"width: 116.017px; height: 57px;\"><a href=\"http:\/\/www.rheinischer-schuetzenbund.de\/\"><img loading=\"lazy\" decoding=\"async\" class=\"size-full wp-image-1431 alignnone\" src=\"http:\/\/www.sv-freiendiez.de\/wp-content\/uploads\/2015\/06\/rsb50.png\" alt=\"\" width=\"44\" height=\"50\"><\/a><\/td>\n<td style=\"width: 446.983px; height: 57px;\"><a href=\"http:\/\/www.rheinischer-schuetzenbund.de\/\">Rheinischer Sch\u00fctzen Bund e.V.<\/a><\/td>\n<\/tr>\n<tr style=\"height: 57px;\">\n<td style=\"width: 116.017px; height: 57px;\">&nbsp;<a href=\"http:\/\/www.rsb-gebietsued.de\/\" target=\"_blank\" rel=\"noopener\"><img loading=\"lazy\" decoding=\"async\" class=\"size-full wp-image-1431 alignnone\" src=\"http:\/\/www.sv-freiendiez.de\/wp-content\/uploads\/2015\/06\/rsb50.png\" alt=\"\" width=\"44\" height=\"50\"><\/a><\/td>\n<td style=\"width: 446.983px; height: 57px;\"><a href=\"http:\/\/www.rsb-gebietsued.de\/\" target=\"_blank\" rel=\"noopener\">Rheinischer Sch\u00fctzen Bund e.V. Gebiet S\u00fcd<\/a><\/td>\n<\/tr>\n<tr style=\"height: 57px;\">\n<td style=\"width: 116.017px; text-align: left; height: 57px;\"><a href=\"https:\/\/www.schuetzenbezirkkoblenz.de\/\"><img loading=\"lazy\" decoding=\"async\" class=\"size-full wp-image-1430 alignnone\" src=\"http:\/\/www.sv-freiendiez.de\/wp-content\/uploads\/2015\/06\/schuetzenbezirk11_50.png\" alt=\"\" width=\"51\" height=\"50\"><\/a><\/td>\n<td style=\"width: 446.983px; height: 57px;\"><a href=\"https:\/\/www.schuetzenbezirkkoblenz.de\/\">Sch\u00fctzenbezirk 11 Koblenz<\/a><\/td>\n<\/tr>\n<tr style=\"height: 57px;\">\n<td style=\"width: 116.017px; height: 57px;\"><a href=\"http:\/\/www.sv-freiendiez.de\/wp-content\/uploads\/2015\/06\/Kreisloge-neu_50px.jpg\"><img loading=\"lazy\" decoding=\"async\" class=\"wp-image-115 size-full alignnone\" src=\"http:\/\/www.sv-freiendiez.de\/wp-content\/uploads\/2015\/06\/Kreisloge-neu_50px.jpg\" width=\"51\" height=\"50\"><\/a><\/td>\n<td style=\"width: 446.983px; height: 57px;\"><a href=\"http:\/\/www.schuetzenkreis-115.de\/\">Sch\u00fctzenkreis 11-5 Unter-Lahn e.V.<\/a><\/td>\n<\/tr>\n<tr style=\"height: 46px;\">\n<td style=\"width: 116.017px; height: 46px;\"><a href=\"https:\/\/www.vdb-waffen.de\/\" target=\"_blank\" rel=\"noopener\"><img loading=\"lazy\" decoding=\"async\" class=\"aligncenter size-full wp-image-4538\" src=\"https:\/\/www.sv-freiendiez.de\/wp-content\/uploads\/2023\/07\/vdb-logo.png\" alt=\"\" width=\"406\" height=\"163\" srcset=\"https:\/\/www.sv-freiendiez.de\/wp-content\/uploads\/2023\/07\/vdb-logo.png 406w, https:\/\/www.sv-freiendiez.de\/wp-content\/uploads\/2023\/07\/vdb-logo-300x120.png 300w\" sizes=\"auto, (max-width: 406px) 100vw, 406px\" \/><\/a><\/td>\n<td style=\"width: 446.983px; height: 46px;\"><a href=\"https:\/\/www.vdb-waffen.de\/\" target=\"_blank\" rel=\"noopener\">Verband Deutscher B\u00fcchsenmacher und Waffenh\u00e4ndler e.V.<\/a><\/td>\n<\/tr>\n<tr style=\"height: 73px;\">\n<td style=\"width: 116.017px; height: 73px;\"><a href=\"https:\/\/fight4right.de\/\" target=\"_blank\" rel=\"noopener\"><img loading=\"lazy\" decoding=\"async\" class=\"aligncenter size-full wp-image-4541\" src=\"https:\/\/www.sv-freiendiez.de\/wp-content\/uploads\/2023\/07\/f4r_mitglied-werden_blau_ind.png\" alt=\"\" width=\"273\" height=\"110\"><\/a><\/td>\n<td style=\"width: 446.983px; height: 73px;\"><a href=\"https:\/\/fight4right.de\/\" target=\"_blank\" rel=\"noopener\">VDB F\u00f6rderverein fight4right.de<\/a><\/td>\n<\/tr>\n<tr style=\"height: 104px;\">\n<td style=\"width: 116.017px; height: 104px;\"><a href=\"https:\/\/german-rifle-association.de\/\" target=\"_blank\" rel=\"noopener\"><img loading=\"lazy\" decoding=\"async\" class=\"size-full wp-image-2528 alignleft\" src=\"http:\/\/www.sv-freiendiez.de\/wp-content\/uploads\/2018\/01\/cropped-gra_logo_vektor-neu-70.png\" alt=\"\" width=\"88\" height=\"88\"><\/a><\/td>\n<td style=\"width: 446.983px; height: 104px;\"><a href=\"https:\/\/german-rifle-association.de\">German Rifle Association<\/a><\/td>\n<\/tr>\n<\/tbody>\n<\/table>\n<p><strong>Rechtliches<\/strong><\/p>\n<table style=\"width: 580px;\">\n<tbody>\n<tr>\n<td style=\"width: 62.5px;\"><a href=\"https:\/\/www.gesetze-im-internet.de\/waffg_2002\/index.html#BJNR397010002BJNE003602118\" target=\"_blank\" rel=\"noopener\"><img loading=\"lazy\" decoding=\"async\" class=\"aligncenter size-full wp-image-1831\" src=\"http:\/\/www.sv-freiendiez.de\/wp-content\/uploads\/2015\/06\/html_icon_white_35.png\" alt=\"\" width=\"35\" height=\"35\"><\/a><\/td>\n<td style=\"width: 501.5px;\"><a href=\"https:\/\/www.gesetze-im-internet.de\/waffg_2002\/index.html#BJNR397010002BJNE003602118\" target=\"_blank\" rel=\"noopener\">Waffengesetz &#8211; WaffG (online)<\/a><\/td>\n<\/tr>\n<tr>\n<td style=\"width: 62.5px;\"><a href=\"https:\/\/www.gesetze-im-internet.de\/awaffv\/index.html#BJNR212300003BJNE001502118\" target=\"_blank\" rel=\"noopener\"><img loading=\"lazy\" decoding=\"async\" class=\"aligncenter size-full wp-image-1831\" src=\"http:\/\/www.sv-freiendiez.de\/wp-content\/uploads\/2015\/06\/html_icon_white_35.png\" alt=\"\" width=\"35\" height=\"35\"><\/a><\/td>\n<td style=\"width: 501.5px;\"><a href=\"https:\/\/www.gesetze-im-internet.de\/awaffv\/index.html#BJNR212300003BJNE001502118\" target=\"_blank\" rel=\"noopener\">Allgemeine Waffengesetz-Verordnung &#8211; AWaffV (online)<\/a><\/td>\n<\/tr>\n<tr>\n<td style=\"width: 62.5px;\"><a href=\"https:\/\/www.stmi.bayern.de\/assets\/stmi\/sus\/inneresicherheit\/ie_waffenrecht_waffvwv_20120322.pdf\" target=\"_blank\" rel=\"noopener\"><img loading=\"lazy\" decoding=\"async\" class=\"aligncenter size-full wp-image-1832\" src=\"http:\/\/www.sv-freiendiez.de\/wp-content\/uploads\/2015\/06\/pdf_icon_white_35.png\" alt=\"\" width=\"35\" height=\"35\"><\/a><\/td>\n<td style=\"width: 501.5px;\"><a href=\"https:\/\/www.stmi.bayern.de\/assets\/stmi\/sus\/inneresicherheit\/ie_waffenrecht_waffvwv_20120322.pdf\" target=\"_blank\" rel=\"noopener\">Allgemeine Verwaltungsvorschrift zum Waffengesetz &#8211; WaffVwV (PDF)<\/a><\/td>\n<\/tr>\n<tr>\n<td style=\"width: 62.5px;\"><a href=\"https:\/\/www.vdb-waffen.de\/de\/service\/waffenrecht\/waffenverwaltungsvorschrift_vordrucke_waffvordruckvwv.html\" target=\"_blank\" rel=\"noopener\"><img loading=\"lazy\" decoding=\"async\" class=\"aligncenter size-full wp-image-1831\" src=\"http:\/\/www.sv-freiendiez.de\/wp-content\/uploads\/2015\/06\/html_icon_white_35.png\" alt=\"\" width=\"35\" height=\"35\"><\/a><\/td>\n<td style=\"width: 501.5px;\"><a href=\"https:\/\/www.vdb-waffen.de\/de\/service\/waffenrecht\/waffenverwaltungsvorschrift_vordrucke_waffvordruckvwv.html\" target=\"_blank\" rel=\"noopener\">Allgemeine Verwaltungsvorschrift zum Waffengesetz Vordrucke &#8211; WaffVordruckVwV<\/a><\/td>\n<\/tr>\n<tr>\n<td style=\"width: 62.5px;\"><a href=\"http:\/\/www.rheinischer-schuetzenbund.de\/fileadmin\/media\/rsb\/rsb2020\/Richtlinie_Waffenbefuerwortung_RSB.pdf\" target=\"_blank\" rel=\"noopener\"><img loading=\"lazy\" decoding=\"async\" class=\"aligncenter size-full wp-image-1832\" src=\"http:\/\/www.sv-freiendiez.de\/wp-content\/uploads\/2015\/06\/pdf_icon_white_35.png\" alt=\"\" width=\"35\" height=\"35\"><\/a><\/td>\n<td style=\"width: 501.5px;\"><a href=\"http:\/\/www.rheinischer-schuetzenbund.de\/fileadmin\/media\/rsb\/rsb2020\/Richtlinie_Waffenbefuerwortung_RSB.pdf\" target=\"_blank\" rel=\"noopener\">Richtlinie zur Erteilung f\u00fcr Bescheinigungen gem. \u00a7 14 WaffG durch den Rheinischen Sch\u00fctzenbund e.V. 1872<\/a><\/td>\n<\/tr>\n<tr>\n<td style=\"width: 62.5px;\"><a href=\"https:\/\/www.vdb-waffen.de\/de\/service\/waffenrecht\/beschussgesetz_beschg.html\" target=\"_blank\" rel=\"noopener\"><img loading=\"lazy\" decoding=\"async\" class=\"aligncenter size-full wp-image-1831\" src=\"http:\/\/www.sv-freiendiez.de\/wp-content\/uploads\/2015\/06\/html_icon_white_35.png\" alt=\"\" width=\"35\" height=\"35\"><\/a><\/td>\n<td style=\"width: 501.5px;\"><a href=\"https:\/\/www.vdb-waffen.de\/de\/service\/waffenrecht\/beschussgesetz_beschg.html\" target=\"_blank\" rel=\"noopener\">Beschussgesetz &#8211; BeschG<\/a><\/td>\n<\/tr>\n<tr>\n<td style=\"width: 62.5px;\"><a href=\"https:\/\/www.vdb-waffen.de\/de\/service\/waffenrecht\/beschussverordnung_beschussv.html\" target=\"_blank\" rel=\"noopener\"><img loading=\"lazy\" decoding=\"async\" class=\"aligncenter size-full wp-image-1831\" src=\"http:\/\/www.sv-freiendiez.de\/wp-content\/uploads\/2015\/06\/html_icon_white_35.png\" alt=\"\" width=\"35\" height=\"35\"><\/a><\/td>\n<td style=\"width: 501.5px;\"><a href=\"https:\/\/www.vdb-waffen.de\/de\/service\/waffenrecht\/beschussverordnung_beschussv.html\" target=\"_blank\" rel=\"noopener\">Beschussverordnung &#8211; BeschussV<\/a><\/td>\n<\/tr>\n<tr>\n<td style=\"width: 62.5px;\"><a href=\"https:\/\/www.bka.de\/DE\/UnsereAufgaben\/Deliktsbereiche\/Waffen\/Feststellungsbescheide\/feststellungsbescheide.html\" target=\"_blank\" rel=\"noopener\"><img loading=\"lazy\" decoding=\"async\" class=\"aligncenter size-full wp-image-1831\" src=\"http:\/\/www.sv-freiendiez.de\/wp-content\/uploads\/2015\/06\/html_icon_white_35.png\" alt=\"\" width=\"35\" height=\"35\"><\/a><\/td>\n<td style=\"width: 501.5px;\"><a href=\"https:\/\/www.bka.de\/DE\/UnsereAufgaben\/Deliktsbereiche\/Waffen\/Feststellungsbescheide\/feststellungsbescheide.html\" target=\"_blank\" rel=\"noopener\">BKA Feststellungsbescheide<\/a><\/td>\n<\/tr>\n<\/tbody>\n<\/table>\n<p><strong>Vereine aus dem Sch\u00fctzenkreis 115<\/strong><\/p>\n<table style=\"width: 580px;\">\n<tbody>\n<tr>\n<td style=\"width: 53.5px;\"><a href=\"http:\/\/www.sv-badems.de\/\" target=\"_blank\" rel=\"noopener noreferrer\"><img loading=\"lazy\" decoding=\"async\" class=\"alignleft size-full wp-image-124\" src=\"http:\/\/www.sv-freiendiez.de\/wp-content\/uploads\/2015\/06\/badems50.png\" alt=\"\" width=\"51\" height=\"50\"><\/a><\/td>\n<td style=\"width: 508.5px;\"><a href=\"http:\/\/www.sv-badems.de\/\">SV Bad Ems 1848 e.V.<\/a><\/td>\n<\/tr>\n<tr>\n<td style=\"width: 53.5px;\"><a href=\"http:\/\/www.sv-freiendiez.de\/wp-content\/uploads\/2015\/06\/eppenrod50.png\"><img loading=\"lazy\" decoding=\"async\" class=\"alignleft size-full wp-image-1340\" src=\"http:\/\/www.sv-freiendiez.de\/wp-content\/uploads\/2015\/06\/eppenrod50.png\" alt=\"\" width=\"42\" height=\"50\"><\/a><\/td>\n<td style=\"width: 508.5px;\">&nbsp;<a href=\"http:\/\/www.schuetzenverein-eppenrod.de\">Sch\u00fctzenverein Eppenrod 1980 e.V<\/a>.<\/td>\n<\/tr>\n<tr>\n<td style=\"width: 53.5px;\"><a href=\"http:\/\/www.sv-ergeshausen.de\" target=\"_blank\" rel=\"noopener\"><img loading=\"lazy\" decoding=\"async\" class=\"alignright size-full wp-image-2643\" src=\"http:\/\/www.sv-freiendiez.de\/wp-content\/uploads\/2018\/02\/ergeshausen50.png\" alt=\"\" width=\"44\" height=\"50\"><\/a><\/td>\n<td style=\"width: 508.5px;\"><a href=\"http:\/\/www.sv-ergeshausen.de\" target=\"_blank\" rel=\"noopener\">SV Ergeshausen e.V.<\/a><\/td>\n<\/tr>\n<tr>\n<td style=\"width: 53.5px;\"><a href=\"http:\/\/www.schuetzenverein-hahnstaetten.de\/\"><img loading=\"lazy\" decoding=\"async\" class=\"alignleft size-full wp-image-125\" src=\"http:\/\/www.sv-freiendiez.de\/wp-content\/uploads\/2015\/06\/hahnstaetten_50.png\" alt=\"\" width=\"42\" height=\"50\"><\/a><\/td>\n<td style=\"width: 508.5px;\">&nbsp;<a href=\"http:\/\/www.schuetzenverein-hahnstaetten.de\/\">Sch\u00fctzenverein Hahnst\u00e4tten 1960 e.V.<\/a><\/td>\n<\/tr>\n<tr>\n<td style=\"width: 53.5px;\"><a href=\"http:\/\/www.svesterauholzappel.de\/\"><img loading=\"lazy\" decoding=\"async\" class=\"alignleft size-full wp-image-130\" src=\"http:\/\/www.sv-freiendiez.de\/wp-content\/uploads\/2015\/06\/holzappel50.png\" alt=\"\" width=\"53\" height=\"50\"><\/a><\/td>\n<td style=\"width: 508.5px;\">&nbsp;<a href=\"http:\/\/www.svesterauholzappel.de\/\">Sch\u00fctzensportverein Esterau e.V. Holzappel<\/a><\/td>\n<\/tr>\n<tr>\n<td style=\"width: 53.5px;\"><a href=\"http:\/\/www.schuetzenverein-holzheim.de\/\"><img loading=\"lazy\" decoding=\"async\" class=\"alignleft size-full wp-image-1348\" src=\"http:\/\/www.sv-freiendiez.de\/wp-content\/uploads\/2015\/06\/holzheim50.png\" alt=\"\" width=\"38\" height=\"50\"><\/a><\/td>\n<td style=\"width: 508.5px;\">Sch\u00fctzenverein Holzheim 1957 e.V. (keine Homepage)<\/td>\n<\/tr>\n<tr>\n<td style=\"width: 53.5px;\"><a href=\"http:\/\/www.sv-freiendiez.de\/wp-content\/uploads\/2015\/06\/heistenbach50.png\"><img loading=\"lazy\" decoding=\"async\" class=\"alignleft size-full wp-image-1343\" src=\"http:\/\/www.sv-freiendiez.de\/wp-content\/uploads\/2015\/06\/heistenbach50.png\" alt=\"\" width=\"37\" height=\"50\"><\/a><\/td>\n<td style=\"width: 508.5px;\">&nbsp;Sch\u00fctzenverein Heistenbach e.V. (keine Homepage)<\/td>\n<\/tr>\n<tr>\n<td style=\"width: 53.5px;\"><a href=\"http:\/\/www.sv-freiendiez.de\/wp-content\/uploads\/2015\/06\/langenscheid50.png\"><img loading=\"lazy\" decoding=\"async\" class=\"alignleft size-full wp-image-1349\" src=\"http:\/\/www.sv-freiendiez.de\/wp-content\/uploads\/2015\/06\/langenscheid50.png\" alt=\"\" width=\"46\" height=\"50\"><\/a><\/td>\n<td style=\"width: 508.5px;\">Sch\u00fctzenverein Langenscheid 1957 e.V. (keine Homepage)<\/td>\n<\/tr>\n<tr>\n<td style=\"width: 53.5px;\"><a href=\"http:\/\/www.sv-freiendiez.de\/wp-content\/uploads\/2015\/06\/Nassau50.png\"><img loading=\"lazy\" decoding=\"async\" class=\"alignleft size-full wp-image-1344\" src=\"http:\/\/www.sv-freiendiez.de\/wp-content\/uploads\/2015\/06\/Nassau50.png\" alt=\"\" width=\"37\" height=\"50\"><\/a><\/td>\n<td style=\"width: 508.5px;\">Sch\u00fctzenverein Nassau 1910 e.V. (keine Homepage)<\/td>\n<\/tr>\n<tr>\n<td style=\"width: 53.5px;\"><a href=\"http:\/\/www.sv-freiendiez.de\/wp-content\/uploads\/2015\/06\/netzbach_50.png\"><img loading=\"lazy\" decoding=\"async\" class=\"alignleft size-full wp-image-129\" src=\"http:\/\/www.sv-freiendiez.de\/wp-content\/uploads\/2015\/06\/netzbach_50.png\" alt=\"\" width=\"53\" height=\"50\"><\/a><\/td>\n<td style=\"width: 508.5px;\">&nbsp;<a href=\"http:\/\/www.ssv-netzbach.de\/\">Schie\u00dfsportverein 1973 Netzbach e.V.<\/a><\/td>\n<\/tr>\n<tr>\n<td style=\"width: 53.5px;\"><a href=\"http:\/\/www.sv-freiendiez.de\/wp-content\/uploads\/2015\/06\/rettert50.png\"><img loading=\"lazy\" decoding=\"async\" class=\"alignleft size-full wp-image-1345\" src=\"http:\/\/www.sv-freiendiez.de\/wp-content\/uploads\/2015\/06\/rettert50.png\" alt=\"\" width=\"39\" height=\"50\"><\/a><\/td>\n<td style=\"width: 508.5px;\">Sch\u00fctzenverein Rettert 1969 e.V. (keine Homepage)<\/td>\n<\/tr>\n<tr>\n<td style=\"width: 53.5px;\"><a href=\"http:\/\/www.sv-freiendiez.de\/wp-content\/uploads\/2015\/06\/singhofen50.png\"><img loading=\"lazy\" decoding=\"async\" class=\"alignleft size-full wp-image-1350\" src=\"http:\/\/www.sv-freiendiez.de\/wp-content\/uploads\/2015\/06\/singhofen50.png\" alt=\"\" width=\"49\" height=\"50\"><\/a><\/td>\n<td style=\"width: 508.5px;\">KK-Sch\u00fctzen Singhofen 1928 e.V. (keine Homepage)<\/td>\n<\/tr>\n<tr>\n<td style=\"width: 53.5px;\"><a href=\"http:\/\/www.sv-freiendiez.de\/wp-content\/uploads\/2015\/06\/weinaehr50.png\"><img loading=\"lazy\" decoding=\"async\" class=\"alignleft size-full wp-image-1346\" src=\"http:\/\/www.sv-freiendiez.de\/wp-content\/uploads\/2015\/06\/weinaehr50.png\" alt=\"\" width=\"44\" height=\"50\"><\/a><\/td>\n<td style=\"width: 508.5px;\">Sch\u00fctzenverein Wein\u00e4hr e.V. (keine Homepage)<\/td>\n<\/tr>\n<tr>\n<td style=\"width: 53.5px;\"><a href=\"http:\/\/www.schuetzen-winden.de.vu\"><img loading=\"lazy\" decoding=\"async\" class=\"alignleft size-full wp-image-128\" src=\"http:\/\/www.sv-freiendiez.de\/wp-content\/uploads\/2015\/06\/winden50.png\" alt=\"\" width=\"41\" height=\"50\"><\/a><\/td>\n<td style=\"width: 508.5px;\">&nbsp;<a href=\"http:\/\/www.schuetzen-winden.de.vu\">Sch\u00fctzengesellschaft 1960 Winden e.V.<\/a><\/td>\n<\/tr>\n<\/tbody>\n<\/table>\n","protected":false},"excerpt":{"rendered":"<p>Befreundete Vereine Sch\u00fctzengilde Gr\u00e4n-Haldensee http:\/\/www.sg-graen.at Sch\u00fctzenverein Hubertus e.V. Hadamar 1925 &nbsp; Verb\u00e4nde \/ Information Deutscher Sch\u00fctzenbund e.V. Rheinischer Sch\u00fctzen Bund e.V. &nbsp; Rheinischer Sch\u00fctzen Bund e.V. Gebiet S\u00fcd Sch\u00fctzenbezirk 11 Koblenz Sch\u00fctzenkreis 11-5 Unter-Lahn e.V. Verband Deutscher B\u00fcchsenmacher und Waffenh\u00e4ndler e.V. VDB F\u00f6rderverein fight4right.de German Rifle Association Rechtliches Waffengesetz &#8211; WaffG (online) Allgemeine Waffengesetz-Verordnung &#8211; &hellip; <\/p>\n<p class=\"link-more\"><a href=\"https:\/\/www.sv-freiendiez.de\/?page_id=99\" class=\"more-link\"><span class=\"screen-reader-text\">\u201eLinks\u201c<\/span> weiterlesen<\/a><\/p>\n","protected":false},"author":1,"featured_media":0,"parent":0,"menu_order":0,"comment_status":"closed","ping_status":"closed","template":"","meta":{"ngg_post_thumbnail":0,"footnotes":""},"class_list":["post-99","page","type-page","status-publish","hentry"],"yoast_head":"<!-- This site is optimized with the Yoast SEO plugin v27.5 - https:\/\/yoast.com\/product\/yoast-seo-wordpress\/ -->\n<title>Links - SV Diez-Freiendiez 1928 e.V.<\/title>\n<meta name=\"robots\" content=\"index, follow, max-snippet:-1, max-image-preview:large, max-video-preview:-1\" \/>\n<link rel=\"canonical\" href=\"https:\/\/www.sv-freiendiez.de\/?page_id=99\" \/>\n<meta property=\"og:locale\" content=\"de_DE\" \/>\n<meta property=\"og:type\" content=\"article\" \/>\n<meta property=\"og:title\" content=\"Links - SV Diez-Freiendiez 1928 e.V.\" \/>\n<meta property=\"og:description\" content=\"Befreundete Vereine Sch\u00fctzengilde Gr\u00e4n-Haldensee http:\/\/www.sg-graen.at Sch\u00fctzenverein Hubertus e.V. Hadamar 1925 &nbsp; Verb\u00e4nde \/ Information Deutscher Sch\u00fctzenbund e.V. Rheinischer Sch\u00fctzen Bund e.V. &nbsp; Rheinischer Sch\u00fctzen Bund e.V. Gebiet S\u00fcd Sch\u00fctzenbezirk 11 Koblenz Sch\u00fctzenkreis 11-5 Unter-Lahn e.V. Verband Deutscher B\u00fcchsenmacher und Waffenh\u00e4ndler e.V. VDB F\u00f6rderverein fight4right.de German Rifle Association Rechtliches Waffengesetz &#8211; WaffG (online) Allgemeine Waffengesetz-Verordnung &#8211; &hellip; \u201eLinks\u201c weiterlesen\" \/>\n<meta property=\"og:url\" content=\"https:\/\/www.sv-freiendiez.de\/?page_id=99\" \/>\n<meta property=\"og:site_name\" content=\"SV Diez-Freiendiez 1928 e.V.\" \/>\n<meta property=\"article:publisher\" content=\"https:\/\/www.facebook.com\/svfreiendiez\/\" \/>\n<meta property=\"article:modified_time\" content=\"2025-05-17T18:48:28+00:00\" \/>\n<meta property=\"og:image\" content=\"https:\/\/www.sv-freiendiez.de\/wp-content\/uploads\/2015\/06\/hadamar_50.png\" \/>\n\t<meta property=\"og:image:width\" content=\"44\" \/>\n\t<meta property=\"og:image:height\" content=\"50\" \/>\n\t<meta property=\"og:image:type\" content=\"image\/png\" \/>\n<meta name=\"twitter:card\" content=\"summary_large_image\" \/>\n<meta name=\"twitter:label1\" content=\"Gesch\u00e4tzte Lesezeit\" \/>\n\t<meta name=\"twitter:data1\" content=\"8\u00a0Minuten\" \/>\n<script type=\"application\/ld+json\" class=\"yoast-schema-graph\">{\"@context\":\"https:\\\/\\\/schema.org\",\"@graph\":[{\"@type\":\"WebPage\",\"@id\":\"https:\\\/\\\/www.sv-freiendiez.de\\\/?page_id=99\",\"url\":\"https:\\\/\\\/www.sv-freiendiez.de\\\/?page_id=99\",\"name\":\"Links - SV Diez-Freiendiez 1928 e.V.\",\"isPartOf\":{\"@id\":\"https:\\\/\\\/www.sv-freiendiez.de\\\/#website\"},\"primaryImageOfPage\":{\"@id\":\"https:\\\/\\\/www.sv-freiendiez.de\\\/?page_id=99#primaryimage\"},\"image\":{\"@id\":\"https:\\\/\\\/www.sv-freiendiez.de\\\/?page_id=99#primaryimage\"},\"thumbnailUrl\":\"http:\\\/\\\/www.sv-freiendiez.de\\\/wp-content\\\/uploads\\\/2015\\\/06\\\/hadamar_50.png\",\"datePublished\":\"2015-06-01T09:00:55+00:00\",\"dateModified\":\"2025-05-17T18:48:28+00:00\",\"breadcrumb\":{\"@id\":\"https:\\\/\\\/www.sv-freiendiez.de\\\/?page_id=99#breadcrumb\"},\"inLanguage\":\"de\",\"potentialAction\":[{\"@type\":\"ReadAction\",\"target\":[\"https:\\\/\\\/www.sv-freiendiez.de\\\/?page_id=99\"]}]},{\"@type\":\"ImageObject\",\"inLanguage\":\"de\",\"@id\":\"https:\\\/\\\/www.sv-freiendiez.de\\\/?page_id=99#primaryimage\",\"url\":\"https:\\\/\\\/www.sv-freiendiez.de\\\/wp-content\\\/uploads\\\/2015\\\/06\\\/hadamar_50.png\",\"contentUrl\":\"https:\\\/\\\/www.sv-freiendiez.de\\\/wp-content\\\/uploads\\\/2015\\\/06\\\/hadamar_50.png\",\"width\":44,\"height\":50},{\"@type\":\"BreadcrumbList\",\"@id\":\"https:\\\/\\\/www.sv-freiendiez.de\\\/?page_id=99#breadcrumb\",\"itemListElement\":[{\"@type\":\"ListItem\",\"position\":1,\"name\":\"Startseite\",\"item\":\"https:\\\/\\\/www.sv-freiendiez.de\\\/\"},{\"@type\":\"ListItem\",\"position\":2,\"name\":\"Links\"}]},{\"@type\":\"WebSite\",\"@id\":\"https:\\\/\\\/www.sv-freiendiez.de\\\/#website\",\"url\":\"https:\\\/\\\/www.sv-freiendiez.de\\\/\",\"name\":\"SV Diez-Freiendiez 1928 e.V.\",\"description\":\"Sch\u00fctzenverein Diez-Freiendiez 1928 e.V.\",\"publisher\":{\"@id\":\"https:\\\/\\\/www.sv-freiendiez.de\\\/#organization\"},\"potentialAction\":[{\"@type\":\"SearchAction\",\"target\":{\"@type\":\"EntryPoint\",\"urlTemplate\":\"https:\\\/\\\/www.sv-freiendiez.de\\\/?s={search_term_string}\"},\"query-input\":{\"@type\":\"PropertyValueSpecification\",\"valueRequired\":true,\"valueName\":\"search_term_string\"}}],\"inLanguage\":\"de\"},{\"@type\":\"Organization\",\"@id\":\"https:\\\/\\\/www.sv-freiendiez.de\\\/#organization\",\"name\":\"SV Diez-Freiendiez 1928 e.V.\",\"url\":\"https:\\\/\\\/www.sv-freiendiez.de\\\/\",\"logo\":{\"@type\":\"ImageObject\",\"inLanguage\":\"de\",\"@id\":\"https:\\\/\\\/www.sv-freiendiez.de\\\/#\\\/schema\\\/logo\\\/image\\\/\",\"url\":\"https:\\\/\\\/www.sv-freiendiez.de\\\/wp-content\\\/uploads\\\/2016\\\/12\\\/cropped-wappen250.png\",\"contentUrl\":\"https:\\\/\\\/www.sv-freiendiez.de\\\/wp-content\\\/uploads\\\/2016\\\/12\\\/cropped-wappen250.png\",\"width\":250,\"height\":250,\"caption\":\"SV Diez-Freiendiez 1928 e.V.\"},\"image\":{\"@id\":\"https:\\\/\\\/www.sv-freiendiez.de\\\/#\\\/schema\\\/logo\\\/image\\\/\"},\"sameAs\":[\"https:\\\/\\\/www.facebook.com\\\/svfreiendiez\\\/\"]}]}<\/script>\n<!-- \/ Yoast SEO plugin. -->","yoast_head_json":{"title":"Links - SV Diez-Freiendiez 1928 e.V.","robots":{"index":"index","follow":"follow","max-snippet":"max-snippet:-1","max-image-preview":"max-image-preview:large","max-video-preview":"max-video-preview:-1"},"canonical":"https:\/\/www.sv-freiendiez.de\/?page_id=99","og_locale":"de_DE","og_type":"article","og_title":"Links - SV Diez-Freiendiez 1928 e.V.","og_description":"Befreundete Vereine Sch\u00fctzengilde Gr\u00e4n-Haldensee http:\/\/www.sg-graen.at Sch\u00fctzenverein Hubertus e.V. Hadamar 1925 &nbsp; Verb\u00e4nde \/ Information Deutscher Sch\u00fctzenbund e.V. Rheinischer Sch\u00fctzen Bund e.V. &nbsp; Rheinischer Sch\u00fctzen Bund e.V. Gebiet S\u00fcd Sch\u00fctzenbezirk 11 Koblenz Sch\u00fctzenkreis 11-5 Unter-Lahn e.V. Verband Deutscher B\u00fcchsenmacher und Waffenh\u00e4ndler e.V. VDB F\u00f6rderverein fight4right.de German Rifle Association Rechtliches Waffengesetz &#8211; WaffG (online) Allgemeine Waffengesetz-Verordnung &#8211; &hellip; \u201eLinks\u201c weiterlesen","og_url":"https:\/\/www.sv-freiendiez.de\/?page_id=99","og_site_name":"SV Diez-Freiendiez 1928 e.V.","article_publisher":"https:\/\/www.facebook.com\/svfreiendiez\/","article_modified_time":"2025-05-17T18:48:28+00:00","og_image":[{"width":44,"height":50,"url":"https:\/\/www.sv-freiendiez.de\/wp-content\/uploads\/2015\/06\/hadamar_50.png","type":"image\/png"}],"twitter_card":"summary_large_image","twitter_misc":{"Gesch\u00e4tzte Lesezeit":"8\u00a0Minuten"},"schema":{"@context":"https:\/\/schema.org","@graph":[{"@type":"WebPage","@id":"https:\/\/www.sv-freiendiez.de\/?page_id=99","url":"https:\/\/www.sv-freiendiez.de\/?page_id=99","name":"Links - SV Diez-Freiendiez 1928 e.V.","isPartOf":{"@id":"https:\/\/www.sv-freiendiez.de\/#website"},"primaryImageOfPage":{"@id":"https:\/\/www.sv-freiendiez.de\/?page_id=99#primaryimage"},"image":{"@id":"https:\/\/www.sv-freiendiez.de\/?page_id=99#primaryimage"},"thumbnailUrl":"http:\/\/www.sv-freiendiez.de\/wp-content\/uploads\/2015\/06\/hadamar_50.png","datePublished":"2015-06-01T09:00:55+00:00","dateModified":"2025-05-17T18:48:28+00:00","breadcrumb":{"@id":"https:\/\/www.sv-freiendiez.de\/?page_id=99#breadcrumb"},"inLanguage":"de","potentialAction":[{"@type":"ReadAction","target":["https:\/\/www.sv-freiendiez.de\/?page_id=99"]}]},{"@type":"ImageObject","inLanguage":"de","@id":"https:\/\/www.sv-freiendiez.de\/?page_id=99#primaryimage","url":"https:\/\/www.sv-freiendiez.de\/wp-content\/uploads\/2015\/06\/hadamar_50.png","contentUrl":"https:\/\/www.sv-freiendiez.de\/wp-content\/uploads\/2015\/06\/hadamar_50.png","width":44,"height":50},{"@type":"BreadcrumbList","@id":"https:\/\/www.sv-freiendiez.de\/?page_id=99#breadcrumb","itemListElement":[{"@type":"ListItem","position":1,"name":"Startseite","item":"https:\/\/www.sv-freiendiez.de\/"},{"@type":"ListItem","position":2,"name":"Links"}]},{"@type":"WebSite","@id":"https:\/\/www.sv-freiendiez.de\/#website","url":"https:\/\/www.sv-freiendiez.de\/","name":"SV Diez-Freiendiez 1928 e.V.","description":"Sch\u00fctzenverein Diez-Freiendiez 1928 e.V.","publisher":{"@id":"https:\/\/www.sv-freiendiez.de\/#organization"},"potentialAction":[{"@type":"SearchAction","target":{"@type":"EntryPoint","urlTemplate":"https:\/\/www.sv-freiendiez.de\/?s={search_term_string}"},"query-input":{"@type":"PropertyValueSpecification","valueRequired":true,"valueName":"search_term_string"}}],"inLanguage":"de"},{"@type":"Organization","@id":"https:\/\/www.sv-freiendiez.de\/#organization","name":"SV Diez-Freiendiez 1928 e.V.","url":"https:\/\/www.sv-freiendiez.de\/","logo":{"@type":"ImageObject","inLanguage":"de","@id":"https:\/\/www.sv-freiendiez.de\/#\/schema\/logo\/image\/","url":"https:\/\/www.sv-freiendiez.de\/wp-content\/uploads\/2016\/12\/cropped-wappen250.png","contentUrl":"https:\/\/www.sv-freiendiez.de\/wp-content\/uploads\/2016\/12\/cropped-wappen250.png","width":250,"height":250,"caption":"SV Diez-Freiendiez 1928 e.V."},"image":{"@id":"https:\/\/www.sv-freiendiez.de\/#\/schema\/logo\/image\/"},"sameAs":["https:\/\/www.facebook.com\/svfreiendiez\/"]}]}},"_links":{"self":[{"href":"https:\/\/www.sv-freiendiez.de\/index.php?rest_route=\/wp\/v2\/pages\/99","targetHints":{"allow":["GET"]}}],"collection":[{"href":"https:\/\/www.sv-freiendiez.de\/index.php?rest_route=\/wp\/v2\/pages"}],"about":[{"href":"https:\/\/www.sv-freiendiez.de\/index.php?rest_route=\/wp\/v2\/types\/page"}],"author":[{"embeddable":true,"href":"https:\/\/www.sv-freiendiez.de\/index.php?rest_route=\/wp\/v2\/users\/1"}],"replies":[{"embeddable":true,"href":"https:\/\/www.sv-freiendiez.de\/index.php?rest_route=%2Fwp%2Fv2%2Fcomments&post=99"}],"version-history":[{"count":5,"href":"https:\/\/www.sv-freiendiez.de\/index.php?rest_route=\/wp\/v2\/pages\/99\/revisions"}],"predecessor-version":[{"id":4828,"href":"https:\/\/www.sv-freiendiez.de\/index.php?rest_route=\/wp\/v2\/pages\/99\/revisions\/4828"}],"wp:attachment":[{"href":"https:\/\/www.sv-freiendiez.de\/index.php?rest_route=%2Fwp%2Fv2%2Fmedia&parent=99"}],"curies":[{"name":"wp","href":"https:\/\/api.w.org\/{rel}","templated":true}]}}