{"id":3614,"date":"2020-02-02T17:18:21","date_gmt":"2020-02-02T16:18:21","guid":{"rendered":"http:\/\/www.sv-freiendiez.de\/?page_id=3614"},"modified":"2022-04-27T15:15:54","modified_gmt":"2022-04-27T13:15:54","slug":"test-2","status":"publish","type":"page","link":"https:\/\/www.sv-freiendiez.de\/?page_id=3614","title":{"rendered":"Termine 2022"},"content":{"rendered":"<p>&nbsp;<\/p>\n<table style=\"width: 103.273%; height: 782px;\" width=\"417\">\n<tbody>\n<tr style=\"height: 34px;\">\n<td style=\"width: 25%; background-color: #6b6565; height: 34px;\" width=\"121\">Tag<\/td>\n<td style=\"width: 29.7259%; background-color: #6b6565; height: 34px;\" width=\"111\">Datum<\/td>\n<td style=\"width: 29.7259%; background-color: #6b6565; height: 34px;\">Uhrzeit<\/td>\n<td style=\"width: 5.9237%; background-color: #6b6565; height: 34px;\" width=\"185\">Veranstaltung<\/td>\n<td style=\"width: 38.885%; background-color: #6b6565; height: 34px;\">&nbsp;<\/td>\n<\/tr>\n<tr style=\"height: 34px;\">\n<td style=\"width: 25%; text-align: center; height: 34px;\" width=\"121\">Freitag<\/td>\n<td style=\"width: 29.7259%; text-align: center; height: 34px;\" width=\"111\">25.03.2022<\/td>\n<td style=\"width: 29.7259%; text-align: center; height: 34px;\">19:30<\/td>\n<td style=\"width: 5.9237%; text-align: center; height: 34px;\" width=\"185\">Aktiven Sitzung<\/td>\n<td style=\"width: 38.885%; background-color: #c71818; height: 34px;\">&nbsp;<\/td>\n<\/tr>\n<tr style=\"height: 34px;\">\n<td style=\"width: 25%; text-align: center; height: 34px;\" width=\"121\">Samstag<\/td>\n<td style=\"width: 29.7259%; text-align: center; height: 34px;\" width=\"111\">__.__.2021<\/td>\n<td style=\"width: 29.7259%; text-align: center; height: 34px;\">&nbsp;<\/td>\n<td style=\"width: 5.9237%; text-align: center; height: 34px;\" width=\"185\">Umwelttag Diez<\/td>\n<td style=\"width: 38.885%; background-color: #c71818; height: 34px;\">&nbsp;<\/td>\n<\/tr>\n<tr style=\"height: 34px;\">\n<td style=\"width: 25%; text-align: center; height: 34px;\" width=\"121\">Gr\u00fcndonnerstag<\/td>\n<td style=\"width: 29.7259%; text-align: center; height: 34px;\" width=\"111\">14.04.2022<\/td>\n<td style=\"width: 29.7259%; text-align: center; height: 34px;\"><span style=\"color: #ff0000;\"><strong>ABGESAGT<\/strong><\/span><\/td>\n<td style=\"width: 5.9237%; text-align: center; height: 34px;\" width=\"185\">Ostereierschie\u00dfen<\/td>\n<td style=\"width: 38.885%; background-color: #c71818; height: 34px;\">&nbsp;<\/td>\n<\/tr>\n<tr style=\"height: 34px;\">\n<td style=\"width: 25%; text-align: center; height: 34px;\" width=\"121\">Karfreitag<\/td>\n<td style=\"width: 29.7259%; text-align: center; height: 34px;\" width=\"111\">15.04.2022<\/td>\n<td style=\"width: 29.7259%; text-align: center; height: 34px;\">&nbsp;<\/td>\n<td style=\"width: 5.9237%; text-align: center; height: 34px;\" width=\"185\">kein \u00dcbungsschie\u00dfen<\/td>\n<td style=\"width: 38.885%; background-color: #c71818; height: 34px;\">&nbsp;<\/td>\n<\/tr>\n<tr style=\"height: 34px;\">\n<td style=\"width: 25%; text-align: center; height: 34px;\" width=\"121\">Ostersonntag<\/td>\n<td style=\"width: 29.7259%; text-align: center; height: 34px;\" width=\"111\">18.04.2022<\/td>\n<td style=\"width: 29.7259%; text-align: center; height: 34px;\">&nbsp;<\/td>\n<td style=\"width: 5.9237%; text-align: center; height: 34px;\" width=\"185\">kein \u00dcbungsschie\u00dfen<\/td>\n<td style=\"width: 38.885%; background-color: #c71818; height: 34px;\">&nbsp;<\/td>\n<\/tr>\n<tr style=\"height: 34px;\">\n<td style=\"width: 25%; text-align: center; height: 34px;\" width=\"121\">Ostermontag<\/td>\n<td style=\"width: 29.7259%; text-align: center; height: 34px;\" width=\"111\">19.04.2022<\/td>\n<td style=\"width: 29.7259%; text-align: center; height: 34px;\">10:00<\/td>\n<td style=\"width: 5.9237%; text-align: center; height: 34px;\" width=\"185\">\u00dcbungsschie\u00dfen<\/td>\n<td style=\"width: 38.885%; background-color: #24b017; height: 34px;\">&nbsp;<\/td>\n<\/tr>\n<tr>\n<td style=\"width: 25%; text-align: center;\" width=\"121\">Samstag<\/td>\n<td style=\"width: 29.7259%; text-align: center;\" width=\"111\">30.04.2022<\/td>\n<td style=\"width: 29.7259%; text-align: center;\">16:00<\/td>\n<td style=\"width: 5.9237%; text-align: center;\" width=\"185\">Jahreshauptversammlung<\/td>\n<td style=\"width: 38.885%; background-color: #c71818; height: 34px;\">&nbsp;<\/td>\n<\/tr>\n<tr style=\"height: 34px;\">\n<td style=\"width: 25%; text-align: center; height: 34px;\" width=\"121\">Samstag<\/td>\n<td style=\"width: 29.7259%; text-align: center; height: 34px;\" width=\"111\">__.__.2022<\/td>\n<td style=\"width: 29.7259%; text-align: center; height: 34px;\"><span style=\"color: #ff0000;\"><strong>ABGESAGT<\/strong><\/span><\/td>\n<td style=\"width: 5.9237%; text-align: center; height: 34px;\" width=\"185\">Kreisfest(?)<\/td>\n<td style=\"width: 38.885%; background-color: #c71818; height: 34px;\">&nbsp;<\/td>\n<\/tr>\n<tr style=\"height: 34px;\">\n<td style=\"width: 25%; text-align: center; height: 34px;\" width=\"121\">Sonntag<\/td>\n<td style=\"width: 29.7259%; text-align: center; height: 34px;\" width=\"111\">__.__.2022<\/td>\n<td style=\"width: 29.7259%; text-align: center; height: 34px;\"><span style=\"color: #ff0000;\"><strong>ABGESAGT<\/strong><\/span><\/td>\n<td style=\"width: 5.9237%; text-align: center; height: 34px;\" width=\"185\">Fahr zur Aar<\/td>\n<td style=\"width: 38.885%; background-color: #c71818; height: 34px;\">&nbsp;<\/td>\n<\/tr>\n<tr style=\"height: 34px;\">\n<td style=\"width: 25%; text-align: center; height: 34px;\" width=\"121\">Pfingstonntag<\/td>\n<td style=\"width: 29.7259%; text-align: center; height: 34px;\" width=\"111\">05.06.2022<\/td>\n<td style=\"width: 29.7259%; text-align: center; height: 34px;\">&nbsp;<\/td>\n<td style=\"width: 5.9237%; text-align: center; height: 34px;\" width=\"185\">kein \u00dcbungsschie\u00dfen<\/td>\n<td style=\"width: 38.885%; background-color: #c71818; height: 34px;\">&nbsp;<\/td>\n<\/tr>\n<tr style=\"height: 34px;\">\n<td style=\"width: 25%; height: 34px; text-align: center;\" width=\"121\">Pfingstmontag<\/td>\n<td style=\"width: 29.7259%; height: 34px; text-align: center;\" width=\"111\">06.06.2022<\/td>\n<td style=\"width: 29.7259%; text-align: center; height: 34px;\">&nbsp;<\/td>\n<td style=\"width: 5.9237%; height: 34px; text-align: center;\" width=\"185\">\u00dcbungsschie\u00dfen<\/td>\n<td style=\"width: 38.885%; background-color: #24b017; height: 34px;\">&nbsp;<\/td>\n<\/tr>\n<tr style=\"height: 34px;\">\n<td style=\"width: 25%; height: 34px; text-align: center;\" width=\"121\">Sonntag<\/td>\n<td style=\"width: 29.7259%; height: 34px; text-align: center;\" width=\"111\">23.08.2022<\/td>\n<td style=\"width: 29.7259%; height: 34px; text-align: center;\">bis 04.10.2022<\/td>\n<td style=\"width: 5.9237%; height: 34px; text-align: center;\" width=\"185\">Vereinsmeisterschaften<\/td>\n<td style=\"width: 38.885%; background-color: #c71818; height: 34px;\">&nbsp;<\/td>\n<\/tr>\n<tr style=\"height: 34px;\">\n<td style=\"width: 25%; height: 34px; text-align: center;\" width=\"121\">Sonntag<\/td>\n<td style=\"width: 29.7259%; height: 34px; text-align: center;\" width=\"111\">28.08.2022<\/td>\n<td style=\"width: 29.7259%; text-align: center; height: 34px;\">&nbsp;<\/td>\n<td style=\"width: 5.9237%; height: 34px; text-align: center;\" width=\"185\">Schie\u00dfen der Ortsvereine<\/td>\n<td style=\"width: 38.885%; background-color: #24b017; height: 34px;\">&nbsp;<\/td>\n<\/tr>\n<tr style=\"height: 34px;\">\n<td style=\"width: 25%; height: 34px; text-align: center;\" width=\"121\">Sonntag<\/td>\n<td style=\"width: 29.7259%; height: 34px; text-align: center;\" width=\"111\">04.09.2022<\/td>\n<td style=\"width: 29.7259%; text-align: center; height: 34px;\">&nbsp;<\/td>\n<td style=\"width: 5.9237%; height: 34px; text-align: center;\" width=\"185\">K\u00f6nigsschie\u00dfen<\/td>\n<td style=\"width: 38.885%; background-color: #c71818; height: 34px;\">&nbsp;<\/td>\n<\/tr>\n<tr style=\"height: 34px;\">\n<td style=\"width: 25%; height: 34px; text-align: center;\" width=\"121\">Samstag<\/td>\n<td style=\"width: 29.7259%; height: 34px; text-align: center;\" width=\"111\">__.__.2022<\/td>\n<td style=\"width: 29.7259%; height: 34px; text-align: center;\">&nbsp;<\/td>\n<td style=\"width: 5.9237%; height: 34px; text-align: center;\" width=\"185\">K\u00f6nigsessen<\/td>\n<td style=\"width: 38.885%; background-color: #c71818; height: 34px;\">&nbsp;<\/td>\n<\/tr>\n<tr style=\"height: 34px;\">\n<td style=\"width: 25%; height: 34px; text-align: center;\" width=\"121\">Volkstrauertag<\/td>\n<td style=\"width: 29.7259%; height: 34px; text-align: center;\" width=\"111\">13.11.2022<\/td>\n<td style=\"width: 29.7259%; text-align: center; height: 34px;\">&nbsp;<\/td>\n<td style=\"width: 5.9237%; height: 34px; text-align: center;\" width=\"185\">kein \u00dcbungsschie\u00dfen<\/td>\n<td style=\"width: 38.885%; background-color: #c71818; height: 34px;\">&nbsp;<\/td>\n<\/tr>\n<tr style=\"height: 34px;\">\n<td style=\"width: 25%; height: 34px; text-align: center;\" width=\"121\">Totensonntag<\/td>\n<td style=\"width: 29.7259%; height: 34px; text-align: center;\" width=\"111\">20.11.2022<\/td>\n<td style=\"width: 29.7259%; height: 34px; text-align: center;\">&nbsp;<\/td>\n<td style=\"width: 5.9237%; height: 34px; text-align: center;\" width=\"185\">nur Druckluftwaffen<\/td>\n<td style=\"width: 38.885%; background-color: #24b017; height: 34px;\">&nbsp;<\/td>\n<\/tr>\n<tr style=\"height: 34px;\">\n<td style=\"width: 25%; height: 34px; text-align: center;\" width=\"121\">Freitag<\/td>\n<td style=\"width: 29.7259%; height: 34px; text-align: center;\" width=\"111\">09.12.2022<\/td>\n<td style=\"width: 29.7259%; height: 34px; text-align: center;\">&nbsp;<\/td>\n<td style=\"width: 5.9237%; height: 34px; text-align: center;\" width=\"185\">Nikolausfeier<\/td>\n<td style=\"width: 38.885%; background-color: #c71818; height: 34px;\">&nbsp;<\/td>\n<\/tr>\n<\/tbody>\n<\/table>\n<table style=\"border-collapse: collapse; width: 30.8621%; height: 43px;\">\n<tbody>\n<tr style=\"height: 17px;\">\n<td style=\"background-color: #24b017; width: 5.58659%; height: 17px;\">&nbsp;<\/td>\n<td style=\"width: 39.9601%; height: 17px;\">\u00d6ffentlich<\/td>\n<\/tr>\n<tr style=\"height: 26px;\">\n<td style=\"background-color: #c71818; width: 5.58659%; height: 26px;\">&nbsp;<\/td>\n<td style=\"width: 39.9601%; height: 26px;\">Nicht \u00f6ffentlich<\/td>\n<\/tr>\n<\/tbody>\n<\/table>\n<p>&nbsp;<\/p>\n","protected":false},"excerpt":{"rendered":"<p>&nbsp; Tag Datum Uhrzeit Veranstaltung &nbsp; Freitag 25.03.2022 19:30 Aktiven Sitzung &nbsp; Samstag __.__.2021 &nbsp; Umwelttag Diez &nbsp; Gr\u00fcndonnerstag 14.04.2022 ABGESAGT Ostereierschie\u00dfen &nbsp; Karfreitag 15.04.2022 &nbsp; kein \u00dcbungsschie\u00dfen &nbsp; Ostersonntag 18.04.2022 &nbsp; kein \u00dcbungsschie\u00dfen &nbsp; Ostermontag 19.04.2022 10:00 \u00dcbungsschie\u00dfen &nbsp; Samstag 30.04.2022 16:00 Jahreshauptversammlung &nbsp; Samstag __.__.2022 ABGESAGT Kreisfest(?) &nbsp; Sonntag __.__.2022 ABGESAGT Fahr zur &hellip; <\/p>\n<p class=\"link-more\"><a href=\"https:\/\/www.sv-freiendiez.de\/?page_id=3614\" class=\"more-link\"><span class=\"screen-reader-text\">\u201eTermine 2022\u201c<\/span> weiterlesen<\/a><\/p>\n","protected":false},"author":1,"featured_media":0,"parent":0,"menu_order":0,"comment_status":"closed","ping_status":"closed","template":"","meta":{"ngg_post_thumbnail":0,"footnotes":""},"class_list":["post-3614","page","type-page","status-publish","hentry"],"yoast_head":"<!-- This site is optimized with the Yoast SEO plugin v27.5 - https:\/\/yoast.com\/product\/yoast-seo-wordpress\/ -->\n<title>Termine 2022 - SV Diez-Freiendiez 1928 e.V.<\/title>\n<meta name=\"robots\" content=\"index, follow, max-snippet:-1, max-image-preview:large, max-video-preview:-1\" \/>\n<link rel=\"canonical\" href=\"https:\/\/www.sv-freiendiez.de\/?page_id=3614\" \/>\n<meta property=\"og:locale\" content=\"de_DE\" \/>\n<meta property=\"og:type\" content=\"article\" \/>\n<meta property=\"og:title\" content=\"Termine 2022 - SV Diez-Freiendiez 1928 e.V.\" \/>\n<meta property=\"og:description\" content=\"&nbsp; Tag Datum Uhrzeit Veranstaltung &nbsp; Freitag 25.03.2022 19:30 Aktiven Sitzung &nbsp; Samstag __.__.2021 &nbsp; Umwelttag Diez &nbsp; Gr\u00fcndonnerstag 14.04.2022 ABGESAGT Ostereierschie\u00dfen &nbsp; Karfreitag 15.04.2022 &nbsp; kein \u00dcbungsschie\u00dfen &nbsp; Ostersonntag 18.04.2022 &nbsp; kein \u00dcbungsschie\u00dfen &nbsp; Ostermontag 19.04.2022 10:00 \u00dcbungsschie\u00dfen &nbsp; Samstag 30.04.2022 16:00 Jahreshauptversammlung &nbsp; Samstag __.__.2022 ABGESAGT Kreisfest(?) &nbsp; Sonntag __.__.2022 ABGESAGT Fahr zur &hellip; \u201eTermine 2022\u201c weiterlesen\" \/>\n<meta property=\"og:url\" content=\"https:\/\/www.sv-freiendiez.de\/?page_id=3614\" \/>\n<meta property=\"og:site_name\" content=\"SV Diez-Freiendiez 1928 e.V.\" \/>\n<meta property=\"article:publisher\" content=\"https:\/\/www.facebook.com\/svfreiendiez\/\" \/>\n<meta property=\"article:modified_time\" content=\"2022-04-27T13:15:54+00:00\" \/>\n<meta name=\"twitter:card\" content=\"summary_large_image\" \/>\n<meta name=\"twitter:label1\" content=\"Gesch\u00e4tzte Lesezeit\" \/>\n\t<meta name=\"twitter:data1\" content=\"1\u00a0Minute\" \/>\n<script type=\"application\/ld+json\" class=\"yoast-schema-graph\">{\"@context\":\"https:\\\/\\\/schema.org\",\"@graph\":[{\"@type\":\"WebPage\",\"@id\":\"https:\\\/\\\/www.sv-freiendiez.de\\\/?page_id=3614\",\"url\":\"https:\\\/\\\/www.sv-freiendiez.de\\\/?page_id=3614\",\"name\":\"Termine 2022 - SV Diez-Freiendiez 1928 e.V.\",\"isPartOf\":{\"@id\":\"https:\\\/\\\/www.sv-freiendiez.de\\\/#website\"},\"datePublished\":\"2020-02-02T16:18:21+00:00\",\"dateModified\":\"2022-04-27T13:15:54+00:00\",\"breadcrumb\":{\"@id\":\"https:\\\/\\\/www.sv-freiendiez.de\\\/?page_id=3614#breadcrumb\"},\"inLanguage\":\"de\",\"potentialAction\":[{\"@type\":\"ReadAction\",\"target\":[\"https:\\\/\\\/www.sv-freiendiez.de\\\/?page_id=3614\"]}]},{\"@type\":\"BreadcrumbList\",\"@id\":\"https:\\\/\\\/www.sv-freiendiez.de\\\/?page_id=3614#breadcrumb\",\"itemListElement\":[{\"@type\":\"ListItem\",\"position\":1,\"name\":\"Startseite\",\"item\":\"https:\\\/\\\/www.sv-freiendiez.de\\\/\"},{\"@type\":\"ListItem\",\"position\":2,\"name\":\"Termine 2022\"}]},{\"@type\":\"WebSite\",\"@id\":\"https:\\\/\\\/www.sv-freiendiez.de\\\/#website\",\"url\":\"https:\\\/\\\/www.sv-freiendiez.de\\\/\",\"name\":\"SV Diez-Freiendiez 1928 e.V.\",\"description\":\"Sch\u00fctzenverein Diez-Freiendiez 1928 e.V.\",\"publisher\":{\"@id\":\"https:\\\/\\\/www.sv-freiendiez.de\\\/#organization\"},\"potentialAction\":[{\"@type\":\"SearchAction\",\"target\":{\"@type\":\"EntryPoint\",\"urlTemplate\":\"https:\\\/\\\/www.sv-freiendiez.de\\\/?s={search_term_string}\"},\"query-input\":{\"@type\":\"PropertyValueSpecification\",\"valueRequired\":true,\"valueName\":\"search_term_string\"}}],\"inLanguage\":\"de\"},{\"@type\":\"Organization\",\"@id\":\"https:\\\/\\\/www.sv-freiendiez.de\\\/#organization\",\"name\":\"SV Diez-Freiendiez 1928 e.V.\",\"url\":\"https:\\\/\\\/www.sv-freiendiez.de\\\/\",\"logo\":{\"@type\":\"ImageObject\",\"inLanguage\":\"de\",\"@id\":\"https:\\\/\\\/www.sv-freiendiez.de\\\/#\\\/schema\\\/logo\\\/image\\\/\",\"url\":\"https:\\\/\\\/www.sv-freiendiez.de\\\/wp-content\\\/uploads\\\/2016\\\/12\\\/cropped-wappen250.png\",\"contentUrl\":\"https:\\\/\\\/www.sv-freiendiez.de\\\/wp-content\\\/uploads\\\/2016\\\/12\\\/cropped-wappen250.png\",\"width\":250,\"height\":250,\"caption\":\"SV Diez-Freiendiez 1928 e.V.\"},\"image\":{\"@id\":\"https:\\\/\\\/www.sv-freiendiez.de\\\/#\\\/schema\\\/logo\\\/image\\\/\"},\"sameAs\":[\"https:\\\/\\\/www.facebook.com\\\/svfreiendiez\\\/\"]}]}<\/script>\n<!-- \/ Yoast SEO plugin. -->","yoast_head_json":{"title":"Termine 2022 - SV Diez-Freiendiez 1928 e.V.","robots":{"index":"index","follow":"follow","max-snippet":"max-snippet:-1","max-image-preview":"max-image-preview:large","max-video-preview":"max-video-preview:-1"},"canonical":"https:\/\/www.sv-freiendiez.de\/?page_id=3614","og_locale":"de_DE","og_type":"article","og_title":"Termine 2022 - SV Diez-Freiendiez 1928 e.V.","og_description":"&nbsp; Tag Datum Uhrzeit Veranstaltung &nbsp; Freitag 25.03.2022 19:30 Aktiven Sitzung &nbsp; Samstag __.__.2021 &nbsp; Umwelttag Diez &nbsp; Gr\u00fcndonnerstag 14.04.2022 ABGESAGT Ostereierschie\u00dfen &nbsp; Karfreitag 15.04.2022 &nbsp; kein \u00dcbungsschie\u00dfen &nbsp; Ostersonntag 18.04.2022 &nbsp; kein \u00dcbungsschie\u00dfen &nbsp; Ostermontag 19.04.2022 10:00 \u00dcbungsschie\u00dfen &nbsp; Samstag 30.04.2022 16:00 Jahreshauptversammlung &nbsp; Samstag __.__.2022 ABGESAGT Kreisfest(?) &nbsp; Sonntag __.__.2022 ABGESAGT Fahr zur &hellip; \u201eTermine 2022\u201c weiterlesen","og_url":"https:\/\/www.sv-freiendiez.de\/?page_id=3614","og_site_name":"SV Diez-Freiendiez 1928 e.V.","article_publisher":"https:\/\/www.facebook.com\/svfreiendiez\/","article_modified_time":"2022-04-27T13:15:54+00:00","twitter_card":"summary_large_image","twitter_misc":{"Gesch\u00e4tzte Lesezeit":"1\u00a0Minute"},"schema":{"@context":"https:\/\/schema.org","@graph":[{"@type":"WebPage","@id":"https:\/\/www.sv-freiendiez.de\/?page_id=3614","url":"https:\/\/www.sv-freiendiez.de\/?page_id=3614","name":"Termine 2022 - SV Diez-Freiendiez 1928 e.V.","isPartOf":{"@id":"https:\/\/www.sv-freiendiez.de\/#website"},"datePublished":"2020-02-02T16:18:21+00:00","dateModified":"2022-04-27T13:15:54+00:00","breadcrumb":{"@id":"https:\/\/www.sv-freiendiez.de\/?page_id=3614#breadcrumb"},"inLanguage":"de","potentialAction":[{"@type":"ReadAction","target":["https:\/\/www.sv-freiendiez.de\/?page_id=3614"]}]},{"@type":"BreadcrumbList","@id":"https:\/\/www.sv-freiendiez.de\/?page_id=3614#breadcrumb","itemListElement":[{"@type":"ListItem","position":1,"name":"Startseite","item":"https:\/\/www.sv-freiendiez.de\/"},{"@type":"ListItem","position":2,"name":"Termine 2022"}]},{"@type":"WebSite","@id":"https:\/\/www.sv-freiendiez.de\/#website","url":"https:\/\/www.sv-freiendiez.de\/","name":"SV Diez-Freiendiez 1928 e.V.","description":"Sch\u00fctzenverein Diez-Freiendiez 1928 e.V.","publisher":{"@id":"https:\/\/www.sv-freiendiez.de\/#organization"},"potentialAction":[{"@type":"SearchAction","target":{"@type":"EntryPoint","urlTemplate":"https:\/\/www.sv-freiendiez.de\/?s={search_term_string}"},"query-input":{"@type":"PropertyValueSpecification","valueRequired":true,"valueName":"search_term_string"}}],"inLanguage":"de"},{"@type":"Organization","@id":"https:\/\/www.sv-freiendiez.de\/#organization","name":"SV Diez-Freiendiez 1928 e.V.","url":"https:\/\/www.sv-freiendiez.de\/","logo":{"@type":"ImageObject","inLanguage":"de","@id":"https:\/\/www.sv-freiendiez.de\/#\/schema\/logo\/image\/","url":"https:\/\/www.sv-freiendiez.de\/wp-content\/uploads\/2016\/12\/cropped-wappen250.png","contentUrl":"https:\/\/www.sv-freiendiez.de\/wp-content\/uploads\/2016\/12\/cropped-wappen250.png","width":250,"height":250,"caption":"SV Diez-Freiendiez 1928 e.V."},"image":{"@id":"https:\/\/www.sv-freiendiez.de\/#\/schema\/logo\/image\/"},"sameAs":["https:\/\/www.facebook.com\/svfreiendiez\/"]}]}},"_links":{"self":[{"href":"https:\/\/www.sv-freiendiez.de\/index.php?rest_route=\/wp\/v2\/pages\/3614","targetHints":{"allow":["GET"]}}],"collection":[{"href":"https:\/\/www.sv-freiendiez.de\/index.php?rest_route=\/wp\/v2\/pages"}],"about":[{"href":"https:\/\/www.sv-freiendiez.de\/index.php?rest_route=\/wp\/v2\/types\/page"}],"author":[{"embeddable":true,"href":"https:\/\/www.sv-freiendiez.de\/index.php?rest_route=\/wp\/v2\/users\/1"}],"replies":[{"embeddable":true,"href":"https:\/\/www.sv-freiendiez.de\/index.php?rest_route=%2Fwp%2Fv2%2Fcomments&post=3614"}],"version-history":[{"count":0,"href":"https:\/\/www.sv-freiendiez.de\/index.php?rest_route=\/wp\/v2\/pages\/3614\/revisions"}],"wp:attachment":[{"href":"https:\/\/www.sv-freiendiez.de\/index.php?rest_route=%2Fwp%2Fv2%2Fmedia&parent=3614"}],"curies":[{"name":"wp","href":"https:\/\/api.w.org\/{rel}","templated":true}]}}